{"id":2904,"date":"2021-09-06T23:58:47","date_gmt":"2021-09-06T19:58:47","guid":{"rendered":"https:\/\/alov.az\/?post_type=dailybread&#038;p=2904"},"modified":"2021-09-06T23:58:47","modified_gmt":"2021-09-06T19:58:47","slug":"b%c9%99rpa-etm%c9%99y%c9%99-hazirdir","status":"publish","type":"dailybread","link":"https:\/\/xilasinyolu.online\/ru\/dailybread\/b%c9%99rpa-etm%c9%99y%c9%99-hazirdir\/","title":{"rendered":"B\u0259rpa etm\u0259y\u0259 haz\u0131rd\u0131r"},"content":{"rendered":"<p>&#8220;Xalq\u0131n S\u0259nd\u0259n sevinc als\u0131n dey\u0259 Bizi yen\u0259 dir\u00e7\u0259ltm\u0259y\u0259c\u0259ks\u0259nmi?&#8221; (Z\u0259bur 85: 6)<br \/>\n1969-cu ild\u0259 Almaniyada xidm\u0259t ed\u0259rk\u0259n \u00f6z\u00fcm\u0259 yeni Volkswagen Beetle( Juk) ald\u0131m.\u00a0 Avtomobil bir s\u00f6z il\u0259 m\u00f6ht\u0259\u015f\u0259m idi.\u00a0 Ma\u015f\u0131n\u0131n t\u00fcnd ya\u015f\u0131l r\u0259ngi q\u0259hv\u0259yi d\u0259ri salon il\u0259 m\u00fck\u0259mm\u0259l uy\u011funla\u015fm\u0131\u015fd\u0131.\u00a0 Ancaq avtomobilin ili \u00f6z s\u00f6z\u00fcn\u00fc deyirdi.\u00a0 M\u00fcxt\u0259lif probleml\u0259r, o c\u00fcml\u0259d\u0259n qap\u0131lar\u0131n birinin v\u0259 avtomobilin bir yan\u0131 z\u0259r\u0259r ald\u0131\u011f\u0131\u00a0 q\u0259za ba\u015f verdi.\u00a0 Daha \u00e7ox a\u011fl\u0131m olsayd\u0131, d\u00fc\u015f\u00fcn\u0259rdim ki: &#8220;Klassik ma\u015f\u0131n\u0131m b\u0259rpa \u00fc\u00e7\u00fcn m\u00fck\u0259mm\u0259l namiz\u0259ddir&#8221;.\u00a0 Daha \u00e7ox pulum olsayd\u0131, bu fikri h\u0259yata ke\u00e7ir\u0259 bil\u0259rdim.\u00a0 Ancaq bu ba\u015f verm\u0259di.<br \/>\nXo\u015fb\u0259xtlikd\u0259n, ideal g\u00f6rm\u0259y\u0259 sahib olan v\u0259 h\u0259dsiz s\u0259rv\u0259tl\u0259ri olan R\u0259bb g\u00fcnah\u0131ndan \u015fik\u0259st olan insanlarla m\u00fcnasib\u0259td\u0259 asanl\u0131qla t\u0259slim olmur.\u00a0 85-c\u00fc Z\u0259burda \u00abb\u0259rpa \u00fc\u00e7\u00fcn ideal namiz\u0259dl\u0259r\u00bb v\u0259 onlar\u0131 b\u0259rpa etm\u0259y\u0259 qadir olan Allah g\u00f6st\u0259rilir.\u00a0 \u00c7ox g\u00fcman ki, Z\u0259bur, israillil\u0259rin yetmi\u015f illik s\u00fcrg\u00fcnd\u0259n qay\u0131td\u0131qdan q\u0131sa m\u00fcdd\u0259t sonra yaz\u0131ld\u0131 v\u0259 burada Allaha ita\u0259tsizliy\u0259 g\u00f6r\u0259 c\u0259za g\u00f6nd\u0259rildi.\u00a0 Geriy\u0259 baxd\u0131qda, Allah\u0131n l\u00fctf\u00fcn\u00fc v\u0259 ba\u011f\u0131\u015flanmas\u0131n\u0131 g\u00f6r\u0259 bildil\u0259r (Z\u0259b. 85:2-4).\u00a0 Bu, onlar\u0131 Allahdan k\u00f6m\u0259k dil\u0259m\u0259y\u0259 s\u00f6vq etdi (85:5-8) v\u0259 Ondan xeyir g\u00f6zl\u0259yin (85:9-14).<br \/>\nAram\u0131zda kim \u00f6z\u00fcn\u00fc b\u0259z\u0259n \u0259s\u0259bi, q\u0131r\u0131q v\u0259 ac\u0131nacaql\u0131 hiss etmir?\u00a0 B\u0259z\u0259n \u00f6z\u00fcm\u00fcz\u00fc g\u00fcnahland\u0131rmal\u0131 oluruq.\u00a0 Lakin R\u0259bb b\u0259rpa v\u0259 ba\u011f\u0131\u015flanma Allah\u0131d\u0131r.\u00a0 T\u0259vaz\u00f6karl\u0131qla Ona t\u0259r\u0259f g\u0259l\u0259n h\u0259r zaman \u00fcmidlidir.\u00a0 A\u00e7\u0131q qollar\u0131 il\u0259 Ona t\u0259r\u0259f d\u00f6n\u0259nl\u0259rin ham\u0131s\u0131n\u0131 q\u0259bul edir v\u0259 onlara s\u00fclh verir.<\/p>\n<p><img fetchpriority=\"high\" decoding=\"async\" class=\"wp-image-1169 aligncenter\" src=\"https:\/\/xilasinyolu.online\/wp-content\/uploads\/2019\/08\/image-300x153.jpeg\" alt=\"\" width=\"962\" height=\"490\" \/><\/p>\n<p>Sizin h\u0259yat\u0131n\u0131zda v\u0259 xarakterinizd\u0259 n\u0259yin b\u0259rpaya ehtiyac\u0131 var?\u00a0 B\u0259rpa ed\u0259n Tanr\u0131ya cavab\u0131n\u0131z n\u0259 olacaq?<br \/>\nYa R\u0259bb, m\u0259n\u0259 k\u00f6m\u0259k et uzaq olum o \u015feyl\u0259rd\u0259n , hans\u0131lar\u0131n ki\u00a0 daha sonra b\u0259rpaya ehtiyac\u0131 var.<br \/>\nViliam Karey (1761-1834) il\u0259 bir \u0130ngilis k\u0259ndind\u0259 ya\u015fayan insanlar, ehtimal bel\u0259 etmirdil\u0259r ki, Karey \u0259h\u0259miyy\u0259tli bir \u015fey \u0259ld\u0259 ed\u0259 bil\u0259c\u0259k .\u00a0 Ancaq bu g\u00fcn o, m\u00fcasir missioner i\u015finin atas\u0131 kimi tan\u0131n\u0131r.\u00a0 \u041aarey toxucular ail\u0259sind\u0259 anadan olub. \u00d6z\u00fc m\u00fc\u0259llim v\u0259 ayaqqab\u0131 ustas\u0131 kimi \u00e7oxda u\u011furlu olmam\u0131\u015fd\u0131r.\u00a0 Ancaq o zamanda o m\u00fcst\u0259qil olaraq \u0130brani, Yunan v\u0259 Lat\u0131n dill\u0259rini \u00f6yr\u0259ndi.\u00a0 \u0130ll\u0259r sonra Hindistanda missioner olmaq arzusunu h\u0259yata ke\u00e7irdi.\u00a0 Bir \u00e7ox \u00e7\u0259tinlikl\u0259rd\u0259n ke\u00e7di: u\u015fa\u011f\u0131n\u0131n \u00f6l\u00fcm\u00fc, h\u0259yat yolda\u015f\u0131n\u0131n ruhi s\u0131x\u0131nt\u0131s\u0131, uzun ill\u0259r xidm\u0259t etdiyi \u015f\u0259xsl\u0259rin ona qar\u015f\u0131 olan bigan\u0259liyi.<br \/>\nOna \u00e7\u0259tinlikl\u0259r qar\u015f\u0131s\u0131nda xidm\u0259tini davam etdirm\u0259y\u0259 n\u0259 k\u00f6m\u0259k etdi?\u00a0 B\u00fct\u00fcn M\u00fcq\u0259dd\u0259s Kitab\u0131 alt\u0131 dil\u0259, ayr\u0131-ayr\u0131 hiss\u0259l\u0259rini iyirmi doqquz dilin\u0259 t\u0259rc\u00fcm\u0259 etm\u0259kd\u0259 ona n\u0259 d\u0259st\u0259k oldu?\u00a0 &#8220;M\u0259n \u00e7ata bil\u0259r\u0259m&#8221; dedi.\u00a0 &#8220;M\u0259n m\u00fc\u0259yy\u0259n bir istiqam\u0259td\u0259 h\u0259r\u0259k\u0259t ed\u0259 bil\u0259r\u0259m.&#8221;\u00a0 H\u0259r hans\u0131 bir s\u0131naqdan as\u0131l\u0131 olmayaraq \u00f6z\u00fcn\u00fc R\u0259bb\u0259 xidm\u0259t etm\u0259y\u0259 h\u0259sr etdi.<br \/>\n\u0130branil\u0259r\u0259 Mektubun m\u00fc\u0259llifi M\u0259sih\u0259 bel\u0259 h\u0259sr olunma\u011fa \u00e7a\u011f\u0131rd\u0131.\u00a0 O, oxucular\u0131 \u201ct\u0259nb\u0259l olmama\u011fa\u201d \u00e7a\u011f\u0131rd\u0131 (\u0130br. 6:12), lakin ham\u0131 &#8221; ax\u0131ra q\u0259d\u0259r h\u0259r birinizin eyni s\u0259yi g\u00f6st\u0259rm\u0259yinizi arzulay\u0131r\u0131q ki, &#8220;Allah\u0131 izz\u0259tl\u0259ndir\u0259siniz &#8220;Allah \u0259dal\u0259tsiz deyil ki, xidm\u0259tiniz v\u0259 Onun ad\u0131na g\u00f6st\u0259rdiyiniz m\u0259h\u0259bb\u0259t unudulsun&#8221; dedi.<br \/>\nSonrak\u0131 ill\u0259rd\u0259 Viliam Karey, Tanr\u0131n\u0131n ehtiyaclar\u0131n\u0131 nec\u0259 d\u0259yi\u015fdiyini d\u00fc\u015f\u00fcnd\u00fc.\u00a0 &#8220;He\u00e7 vaxt verdiyi v\u0259dl\u0259rini d\u0259yi\u015fdirm\u0259mi\u015fdir v\u0259 buna g\u00f6r\u0259 d\u0259 onu xidm\u0259timd\u0259 t\u0259rk ed\u0259 bilm\u0259r\u0259m&#8221; dedi.\u00a0 Allah biz\u0259 g\u00fcnd\u0259lik xidm\u0259timiz \u00fc\u00e7\u00fcn g\u00fccl\u0259ndirsin.<br \/>\nAllah Ona xidm\u0259tinizi davam etdirm\u0259yiniz\u0259 nec\u0259 k\u00f6m\u0259k etdi?\u00a0 Ba\u015fqalar\u0131n\u0131n \u00e7\u0259tinlikl\u0259rind\u0259 nec\u0259 k\u00f6m\u0259k ed\u0259 bil\u0259rsiniz?<br \/>\nYa R\u0259bb m\u0259n probleml\u0259rl\u0259 qar\u015f\u0131la\u015fanda v\u0259 xo\u015f g\u00fcnl\u0259r ke\u00e7irdiyim zaman s\u0259nin ard\u0131nca getm\u0259yim\u0259 k\u00f6m\u0259k et.\u00a0 M\u0259n\u0259 h\u0259mi\u015f\u0259 yan\u0131mda oldu\u011funu xat\u0131rlama\u011fa k\u00f6m\u0259k et.<\/p>\n<h3 style=\"text-align: right;\"><strong><em>M\u00fc\u0259llif:<\/em> Artur Cekson<\/strong><br \/>\n<strong><em>T\u0259rc\u00fcm\u0259:<\/em> Nicat Alovlu<\/strong><\/h3>","protected":false},"featured_media":3008,"template":"","tags":[],"class_list":["post-2904","dailybread","type-dailybread","status-publish","has-post-thumbnail","hentry"],"_links":{"self":[{"href":"https:\/\/xilasinyolu.online\/ru\/wp-json\/wp\/v2\/dailybread\/2904","targetHints":{"allow":["GET"]}}],"collection":[{"href":"https:\/\/xilasinyolu.online\/ru\/wp-json\/wp\/v2\/dailybread"}],"about":[{"href":"https:\/\/xilasinyolu.online\/ru\/wp-json\/wp\/v2\/types\/dailybread"}],"version-history":[{"count":1,"href":"https:\/\/xilasinyolu.online\/ru\/wp-json\/wp\/v2\/dailybread\/2904\/revisions"}],"predecessor-version":[{"id":2905,"href":"https:\/\/xilasinyolu.online\/ru\/wp-json\/wp\/v2\/dailybread\/2904\/revisions\/2905"}],"wp:featuredmedia":[{"embeddable":true,"href":"https:\/\/xilasinyolu.online\/ru\/wp-json\/wp\/v2\/media\/3008"}],"wp:attachment":[{"href":"https:\/\/xilasinyolu.online\/ru\/wp-json\/wp\/v2\/media?parent=2904"}],"wp:term":[{"taxonomy":"post_tag","embeddable":true,"href":"https:\/\/xilasinyolu.online\/ru\/wp-json\/wp\/v2\/tags?post=2904"}],"curies":[{"name":"wp","href":"https:\/\/api.w.org\/{rel}","templated":true}]}}