{"id":4479,"date":"2022-05-25T11:41:09","date_gmt":"2022-05-25T07:41:09","guid":{"rendered":"https:\/\/alov.az\/?post_type=faqs&#038;p=4479"},"modified":"2022-05-25T11:41:19","modified_gmt":"2022-05-25T07:41:19","slug":"olumden-sonra-ne-bas-verir","status":"publish","type":"faqs","link":"https:\/\/xilasinyolu.online\/ru\/faqs\/olumden-sonra-ne-bas-verir\/","title":{"rendered":"\u00d6l\u00fcmd\u0259n sonra n\u0259 ba\u015f verir?"},"content":{"rendered":"<p>\u00d6l\u00fcmd\u0259n sonra n\u0259 ba\u015f verir sual\u0131 \u00e7a\u015fd\u0131r\u0131c\u0131 ola bil\u0259r. M\u00fcq\u0259dd\u0259s Kitab insan\u0131n son \u0259b\u0259di taleyini n\u0259 zaman \u0259ld\u0259 etdiyini a\u00e7\u0131q izah etmir. M\u00fcq\u0259dd\u0259s Kitab biz\u0259 deyir ki, insan \u00f6ld\u00fcy\u00fc andan M\u0259sih\u0259 \u015f\u0259xsi Xilaskar\u0131 kimi iman edib-etm\u0259m\u0259sind\u0259n as\u0131l\u0131 olaraq, c\u0259nn\u0259t\u0259 v\u0259 ya c\u0259h\u0259nn\u0259m\u0259 apar\u0131l\u0131r. \u0130manl\u0131lar \u00fc\u00e7\u00fcn \u00f6l\u00fcm b\u0259d\u0259nd\u0259n ayr\u0131lmaq v\u0259 R\u0259bbl\u0259 olmaqd\u0131r (2 Korinflil\u0259r\u0259 5:6-8; Filipilil\u0259r\u0259 1:23). \u0130mans\u0131zlar \u00fc\u00e7\u00fcn is\u0259 \u00f6l\u00fcm c\u0259h\u0259nn\u0259md\u0259 \u0259b\u0259di c\u0259za \u00e7\u0259km\u0259kdir (Luka 16:22-23).<\/p>\n<p>\u00d6l\u00fcmd\u0259n sonra n\u0259 ba\u015f ver\u0259c\u0259yini m\u00fc\u0259yy\u0259n etm\u0259k \u00fc\u00e7\u00fcn bu iki \u015fey \u00e7a\u015fd\u0131r\u0131c\u0131 ola bil\u0259r. V\u0259hy 20:11-15 c\u0259h\u0259nn\u0259md\u0259 odlu g\u00f6l\u0259 at\u0131lanlar\u0131 t\u0259svir edir. V\u0259hy 21-22-ci f\u0259sill\u0259r Yeni Yer v\u0259 Yeni G\u00f6y\u00fc t\u0259svir edir. Baxmayaraq ki, bu son dirilm\u0259y\u0259 q\u0259d\u0259r olacaq. \u00d6l\u00fcmd\u0259n sonra insan \u201cm\u00fcv\u0259qq\u0259ti\u201d c\u0259nn\u0259t v\u0259 c\u0259h\u0259nn\u0259md\u0259 m\u0259skunla\u015f\u0131r. \u0130nsan\u0131n \u0259b\u0259di aqib\u0259ti d\u0259yi\u015film\u0259y\u0259c\u0259k, lakin imanl\u0131lar yeni g\u00f6yl\u0259r\u0259 g\u00f6nd\u0259ril\u0259c\u0259k (V\u0259hy 21:1). \u00d6l\u00fcmd\u0259n sonra imans\u0131zlar odlu g\u00f6l\u0259 at\u0131lacaqlar (V\u0259hy 20:11-15). B\u00fct\u00fcn bunlar n\u0259tic\u0259dir, insanlar\u0131n \u0259b\u0259di taleyi &#8211; onlar\u0131n g\u00fcnahlardan azad olmaq \u00fc\u00e7\u00fcn \u0130sa M\u0259sih\u0259 iman edib-etm\u0259m\u0259l\u0259rind\u0259n as\u0131l\u0131d\u0131r.<\/p>","protected":false},"template":"","tags":[],"class_list":["post-4479","faqs","type-faqs","status-publish","hentry"],"_links":{"self":[{"href":"https:\/\/xilasinyolu.online\/ru\/wp-json\/wp\/v2\/faqs\/4479","targetHints":{"allow":["GET"]}}],"collection":[{"href":"https:\/\/xilasinyolu.online\/ru\/wp-json\/wp\/v2\/faqs"}],"about":[{"href":"https:\/\/xilasinyolu.online\/ru\/wp-json\/wp\/v2\/types\/faqs"}],"version-history":[{"count":2,"href":"https:\/\/xilasinyolu.online\/ru\/wp-json\/wp\/v2\/faqs\/4479\/revisions"}],"predecessor-version":[{"id":4481,"href":"https:\/\/xilasinyolu.online\/ru\/wp-json\/wp\/v2\/faqs\/4479\/revisions\/4481"}],"wp:attachment":[{"href":"https:\/\/xilasinyolu.online\/ru\/wp-json\/wp\/v2\/media?parent=4479"}],"wp:term":[{"taxonomy":"post_tag","embeddable":true,"href":"https:\/\/xilasinyolu.online\/ru\/wp-json\/wp\/v2\/tags?post=4479"}],"curies":[{"name":"wp","href":"https:\/\/api.w.org\/{rel}","templated":true}]}}