{"id":4564,"date":"2022-05-25T12:39:28","date_gmt":"2022-05-25T08:39:28","guid":{"rendered":"https:\/\/alov.az\/?post_type=faqs&#038;p=4564"},"modified":"2022-05-25T12:39:35","modified_gmt":"2022-05-25T08:39:35","slug":"xilas-yalniz-imanla-mumkundur-yoxsa-iman-ustegel-emellerle","status":"publish","type":"faqs","link":"https:\/\/xilasinyolu.online\/ru\/faqs\/xilas-yalniz-imanla-mumkundur-yoxsa-iman-ustegel-emellerle\/","title":{"rendered":"Xilas yaln\u0131z imanla m\u00fcmk\u00fcnd\u00fcr, yoxsa iman \u00fcst\u0259g\u0259l \u0259m\u0259ll\u0259rl\u0259?"},"content":{"rendered":"<p>Y\u0259qin ki, bu b\u00fct\u00fcn M\u0259sih\u00e7ilik n\u0259z\u0259riyy\u0259sind\u0259 \u0259n vacib suald\u0131r. Bu sual intibaha &#8211; Protestant v\u0259 Katolik kils\u0259l\u0259ri aras\u0131ndak\u0131 ayr\u0131lmaya s\u0259b\u0259b olmu\u015fdu. Bu sual Biblik M\u0259sih\u00e7ilik v\u0259 \u201cM\u0259sih\u00e7i\u201d ayinl\u0259ri aras\u0131ndak\u0131 f\u0259rqin a\u00e7ar\u0131d\u0131r. Xilas yaln\u0131z imanla m\u00fcmk\u00fcnd\u00fcr, yoxsa iman \u00fcst\u0259g\u0259l \u0259m\u0259ll\u0259rl\u0259? M\u0259n yaln\u0131z \u0130saya iman etm\u0259kl\u0259 xilas oluram, yoxsa \u0130saya inanmaqla yana\u015f\u0131 m\u00fc\u0259yy\u0259n \u015feyl\u0259ri d\u0259 etm\u0259liy\u0259m?<\/p>\n<p>Yaln\u0131z imanla, yoxsa iman \u00fcst\u0259g\u0259l \u0259m\u0259ll\u0259rl\u0259 sual\u0131 M\u00fcq\u0259dd\u0259s Kitab\u0131n b\u0259zi m\u00fcbahis\u0259li f\u0259sill\u0259rini \u00e7\u0259tinl\u0259\u015fdirir. Romal\u0131lara 3:28, 5:1 v\u0259 Qalatiyal\u0131lara 3:24-\u00fc Yaqub 2:24-l\u0259 m\u00fcqayis\u0259 et. B\u0259zil\u0259ri Pavel (yaln\u0131z imanla xilas) v\u0259 Yaqub (iman \u00fcst\u0259g\u0259l \u0259m\u0259ll\u0259rl\u0259 xilas) aras\u0131nda f\u0259rq g\u00f6r\u00fcr. H\u0259qiq\u0259td\u0259 is\u0259 Pavel v\u0259 Yaqub bir-biri il\u0259 raz\u0131 idil\u0259r. B\u0259zi insanlar\u0131n raz\u0131la\u015fmad\u0131\u011f\u0131 yegan\u0259 fikir iman v\u0259 \u0259m\u0259ll\u0259r aras\u0131ndak\u0131 m\u00fcnasib\u0259tdir. Pavel q\u0259ti \u015f\u0259kild\u0259 salehliyin yaln\u0131z imanla oldu\u011funu (Efeslil\u0259r\u0259 2:8-9) dediyi halda, Yaqub salehliyin iman \u00fcst\u0259g\u0259l \u0259m\u0259ll\u0259rl\u0259 oldu\u011funu deyir. Bu problem\u0259 Yaqubun d\u0259qiq n\u0259 dem\u0259k ist\u0259diyini n\u0259z\u0259rd\u0259n ke\u00e7ir\u0259nd\u0259 cavab tapmaq olar. Yaqub yax\u015f\u0131 \u0259m\u0259ll\u0259ri olmadan iman ed\u0259n insan\u0131 t\u0259kzib edirdi (Yaqub 2:17-18). Yaqub bu fikri vur\u011fulay\u0131r ki, M\u0259sihd\u0259 h\u0259qiqi iman h\u0259yat\u0131 d\u0259yi\u015fdirir v\u0259 yax\u015f\u0131 \u0259m\u0259ll\u0259ri hasil edir (Yaqub 2:20-26). Yaqub demir ki, salehlik yaln\u0131z iman \u00fcst\u0259g\u0259l \u0259m\u0259ll\u0259rl\u0259 m\u00fcmk\u00fcnd\u00fcr, lakin onu n\u0259z\u0259rd\u0259 tutur ki, imanla h\u0259qiq\u0259t\u0259n saleh olan insan\u0131n h\u0259yat\u0131nda yax\u015f\u0131 \u0259m\u0259ll\u0259r olur. \u018fg\u0259r insan imanl\u0131 olmaq ist\u0259yirs\u0259, lakin h\u0259yat\u0131nda yax\u015f\u0131 \u0259m\u0259ll\u0259ri yoxdursa &#8211; onda Onun M\u0259sihd\u0259 h\u0259qiq\u0259t\u0259n iman\u0131 yoxdur (Yaqub 2:14, 17, 20, 26).<\/p>\n<p>Pavel d\u0259 \u00f6z yaz\u0131lar\u0131nda eyni \u015feyi deyir. Yax\u015f\u0131 b\u0259hr\u0259 ver\u0259n imanl\u0131lar\u0131n h\u0259yat\u0131nda Qalatiyal\u0131lara 5:22-23-\u00fcn s\u0131yah\u0131s\u0131ndak\u0131lar olmal\u0131d\u0131r. Bizim \u0259m\u0259ll\u0259rl\u0259 deyil, imanla xilas oldu\u011fumuzu dedikd\u0259n d\u0259rhal sonra Pavel, bizim yax\u015f\u0131 \u0259m\u0259ll\u0259r etm\u0259k \u00fc\u00e7\u00fcn yarad\u0131ld\u0131\u011f\u0131m\u0131z\u0131 s\u00f6yl\u0259yir (Efeslil\u0259r\u0259 2:10). Pavel d\u0259 Yaqub kimi insanlardan d\u0259yi\u015filmi\u015f h\u0259yat g\u00f6zl\u0259yir \u201cBuna g\u00f6r\u0259 kim M\u0259sihd\u0259dirs\u0259, yeni m\u0259xluqdur; k\u00f6hn\u0259 \u015feyl\u0259r ke\u00e7di, indi h\u0259r \u015fey yeni oldu!\u201d (2Korinflil\u0259r\u0259 5:17) Pavel v\u0259 Yaqub \u00f6z xilas haqq\u0131ndak\u0131 t\u0259liml\u0259rind\u0259 bir-birind\u0259n naraz\u0131 deyildil\u0259r. Onlar eyni m\u00f6vzuya m\u00fcxt\u0259lif perspektivl\u0259rd\u0259n yana\u015f\u0131rd\u0131lar. Pavel sad\u0259c\u0259 salehliyin imanla m\u00fcmk\u00fcn oldu\u011funu vur\u011fulad\u0131\u011f\u0131 halda, Yaqub M\u0259sihd\u0259ki iman\u0131n yax\u015f\u0131 \u0259m\u0259ll\u0259r hasil etm\u0259si fakt\u0131n\u0131 vur\u011fulay\u0131r.<\/p>","protected":false},"template":"","tags":[],"class_list":["post-4564","faqs","type-faqs","status-publish","hentry"],"_links":{"self":[{"href":"https:\/\/xilasinyolu.online\/ru\/wp-json\/wp\/v2\/faqs\/4564","targetHints":{"allow":["GET"]}}],"collection":[{"href":"https:\/\/xilasinyolu.online\/ru\/wp-json\/wp\/v2\/faqs"}],"about":[{"href":"https:\/\/xilasinyolu.online\/ru\/wp-json\/wp\/v2\/types\/faqs"}],"version-history":[{"count":2,"href":"https:\/\/xilasinyolu.online\/ru\/wp-json\/wp\/v2\/faqs\/4564\/revisions"}],"predecessor-version":[{"id":4566,"href":"https:\/\/xilasinyolu.online\/ru\/wp-json\/wp\/v2\/faqs\/4564\/revisions\/4566"}],"wp:attachment":[{"href":"https:\/\/xilasinyolu.online\/ru\/wp-json\/wp\/v2\/media?parent=4564"}],"wp:term":[{"taxonomy":"post_tag","embeddable":true,"href":"https:\/\/xilasinyolu.online\/ru\/wp-json\/wp\/v2\/tags?post=4564"}],"curies":[{"name":"wp","href":"https:\/\/api.w.org\/{rel}","templated":true}]}}